{"id":2035,"date":"2017-06-07T17:19:28","date_gmt":"2017-06-07T17:19:28","guid":{"rendered":"http:\/\/themeforest.unitedthemes.com\/wpversions\/brooklyn\/xml\/classic\/?page_id=7"},"modified":"2025-05-25T21:32:58","modified_gmt":"2025-05-26T00:32:58","slug":"front-page","status":"publish","type":"page","link":"https:\/\/aguasdelcolorado.com.ar\/2025\/","title":{"rendered":"HOME"},"content":{"rendered":"<div class=\"wpb-content-wrapper\"><p>[vc_section bklyn_section_anchor_id=&#8221;About&#8221; el_name=&#8221;Servicios&#8221; el_id=&#8221;servicios&#8221;][vc_row el_name=&#8221;Acueductos Pampeanos&#8221;][vc_column]<div class=\"wpb_content_element \"><style type=\"text\/css\">#ut_header_69f35ec2d0f6d h2.section-title{ font-family: \"Jost\";font-weight:500;font-style:normal; }#ut_header_69f35ec2d0f6d h2.section-title { font-size:80px !important; }<\/style><header id=\"ut_header_69f35ec2d0f6d\" class=\"section-header  ut-no-title-linebreak-mobile ut-no-lead-linebreak-mobile pt-style-2 header-center header-tablet-center header-mobile-center\"><h2 data-title=\"Acueductos Pampeanos\" data-effect=\"fadeIn\" data-animateonce=\"yes\" data-delay=\"0\" data-responsive-font=\"section_title\" data-responsive-font-settings=\"{&quot;base-font-size&quot;:&quot;80&quot;,&quot;font-size-unit&quot;:&quot;px&quot;,&quot;font-size&quot;:{&quot;desktop_large&quot;:&quot;80&quot;},&quot;base-line-height&quot;:&quot;global&quot;,&quot;base-letter-spacing&quot;:&quot;global&quot;}\" class=\"section-title ut-animate-element animated ut-no-animation-tablet ut-no-animation-mobile \"><span>Acueductos Pampeanos<\/span><\/h2><div data-effect=\"fadeIn\" data-animateonce=\"yes\" data-delay=\"200\" class=\"lead ut-animate-element animated ut-no-animation-tablet ut-no-animation-mobile\"><\/p>\n<p style=\"font-size: 1.1em;\">Agua de calidad en <b>27 localidades<\/b> de la provincia de La Pampa.<\/p>\n<p>\n<\/div><\/header><\/div>[\/vc_column][\/vc_row][vc_row][vc_column width=&#8221;1\/2&#8243;]<div class=\"wpb_content_element \"><style type=\"text\/css\">#ut_sc_69f35ec2d8b36 .ut-service-column.ut-service-column-horiz h3 { font-size:2em !important; }@media (min-width: 1025px) and (max-width: 1679px) {#ut_sc_69f35ec2d8b36 .ut-service-column.ut-service-column-horiz h3 { font-size:2em !important; }}@media (min-width: 768px) and (max-width: 1024px) {#ut_sc_69f35ec2d8b36 .ut-service-column.ut-service-column-horiz h3 { font-size:2em !important; }}@media (max-width: 767px) {#ut_sc_69f35ec2d8b36 .ut-service-column.ut-service-column-horiz h3 { font-size:2em !important; }}#ut_sc_69f35ec2d8b36 .ut-service-column.ut-service-column-horiz p { font-size:1.5em !important;line-height:28px !important; }@media (min-width: 1025px) and (max-width: 1679px) {#ut_sc_69f35ec2d8b36 .ut-service-column.ut-service-column-horiz p { font-size:1.5em !important; }}@media (min-width: 768px) and (max-width: 1024px) {#ut_sc_69f35ec2d8b36 .ut-service-column.ut-service-column-horiz p { font-size:1.5em !important; }}@media (max-width: 767px) {#ut_sc_69f35ec2d8b36 .ut-service-column.ut-service-column-horiz p { font-size:1.5em !important; }}#ut_sc_69f35ec2d8b36 .ut-service-column.ut-service-column-horiz h3 { font-weight:600; }#ut_sc_69f35ec2d8b36 .ut-service-column.ut-service-column-horiz h3 { text-transform:uppercase; }#ut_sc_69f35ec2d8b36 .ut-service-column p { margin-top: 10px; }#ut_sc_69f35ec2d8b36 .ut-service-column a.ut-service-column-link { color: #313131; }#ut_sc_69f35ec2d8b36 .ut-service-column a.ut-service-column-link:hover { color: rgba(49,49,49,0.5); }#ut_sc_69f35ec2d8b36 .ut-service-column a.ut-service-column-link:active { color: rgba(49,49,49,0.5); }#ut_sc_69f35ec2d8b36 .ut-service-column a.ut-service-column-link:focus { color: rgba(49,49,49,0.5); }#ut_sc_69f35ec2d8b36 .ut-service-column a.ut-service-column-link i { color: #ffbf00; }#ut_sc_69f35ec2d8b36 .ut-service-column a.ut-service-column-link i { font-size: 18px; }#ut_sc_69f35ec2d8b36 .ut-service-column a.ut-service-column-link:hover i { color: #313131; }#ut_sc_69f35ec2d8b36 .ut-service-column a.ut-service-column-link:active i { color: #313131; }#ut_sc_69f35ec2d8b36 .ut-service-column a.ut-service-column-link:focus i { color: #313131; }#ut_sc_69f35ec2d8b36 .ut-service-column a.ut-service-column-link { text-transform: uppercase; }#ut_sc_69f35ec2d8b36 .ut-service-column a.ut-service-column-link { font-weight: 600; }#ut_sc_69f35ec2d8b36 .ut-service-column a.ut-service-column-link { font-size: 16px; }#ut-svg-69f35ec2d8b38 { display:none; }#ut-svg-69f35ec2d8b38.ut-svg-loaded { display:block; }#ut-svg-69f35ec2d8b38 path { stroke:rgba(248, 167, 27, 1); }<\/style><div id=\"ut_sc_69f35ec2d8b36\" data-effect=\"fadeIn\" data-animateonce=\"yes\" data-delay=\"400\" class=\"ut-horizontal-style ut-horizontal-style-align-left  clearfix  ut-animate-element animated ut-no-animation-tablet ut-no-animation-mobile\" ><figure class=\"ut-service-icon ut-custom-icon  ut-service-icon-normal ut-service-icon-large\">\r\n        <img loading=\"lazy\" decoding=\"async\" src=\"data:image\/svg+xml;charset=utf-8,%3Csvg xmlns%3D&#039;http%3A%2F%2Fwww.w3.org%2F2000%2Fsvg&#039; viewBox%3D&#039;0 0 32 32&#039;%2F%3E\" data-src=\"https:\/\/aguasdelcolorado.com.ar\/2025\/wp-content\/uploads\/2025\/05\/ic-acueducto-th1.png\" width=\"32\" height=\"32\" alt=\"Acueducto R\u00edo Colorado\" class=\"ut-adaptive-image skip-lazy wp-post-image\">\r\n\r\n        <\/figure><div class=\"ut-service-column ut-service-column-horiz\"><h3 data-responsive-font=\"h3\" data-responsive-font-settings=\"{&quot;base-font-size&quot;:&quot;2&quot;,&quot;font-size-unit&quot;:&quot;em&quot;,&quot;font-size&quot;:{&quot;desktop_large&quot;:&quot;2&quot;,&quot;desktop_small&quot;:&quot;2&quot;,&quot;tablet&quot;:&quot;2&quot;,&quot;mobile&quot;:&quot;2&quot;},&quot;base-line-height&quot;:&quot;global&quot;,&quot;base-letter-spacing&quot;:&quot;global&quot;}\">Acueducto R\u00edo Colorado<\/h3><p class=\"element-with-custom-line-height\" data-responsive-font=\"p\" data-responsive-font-settings=\"{&quot;base-font-size&quot;:&quot;1.5&quot;,&quot;font-size-unit&quot;:&quot;em&quot;,&quot;font-size&quot;:{&quot;desktop_large&quot;:&quot;1.5&quot;,&quot;desktop_small&quot;:&quot;1.5&quot;,&quot;tablet&quot;:&quot;1.5&quot;,&quot;mobile&quot;:&quot;1.5&quot;},&quot;base-line-height&quot;:&quot;global&quot;,&quot;line-height&quot;:{&quot;desktop_large&quot;:&quot;28&quot;},&quot;base-letter-spacing&quot;:&quot;global&quot;}\">Brinda abastecimiento mediante una red de acueductos con m\u00e1s de 1190 km de desarrollo, alimentados con las aguas del R\u00edo Colorado.<\/p><a class=\"ut-service-column-link ut-service-column-link-icon-after ut-service-column-link-with-animation\" title=\"Leer M\u00e1s\" href=\"https:\/\/aguasdelcolorado.com.ar\/2025\/servicios\/acueducto-rio-colorado\/\" target=\"_self\" >Leer M\u00e1s<i class=\"fa fa-arrow-circle-right\"><\/i><\/a><\/div><\/div><\/div>[\/vc_column][vc_column width=&#8221;1\/2&#8243;]<div class=\"wpb_content_element \"><style type=\"text\/css\">#ut_sc_69f35ec42285c .ut-service-column.ut-service-column-horiz h3 { font-size:2em !important; }@media (min-width: 1025px) and (max-width: 1679px) {#ut_sc_69f35ec42285c .ut-service-column.ut-service-column-horiz h3 { font-size:2em !important; }}@media (min-width: 768px) and (max-width: 1024px) {#ut_sc_69f35ec42285c .ut-service-column.ut-service-column-horiz h3 { font-size:2em !important; }}@media (max-width: 767px) {#ut_sc_69f35ec42285c .ut-service-column.ut-service-column-horiz h3 { font-size:2em !important; }}#ut_sc_69f35ec42285c .ut-service-column.ut-service-column-horiz p { font-size:1.5em !important;line-height:28px !important; }@media (min-width: 1025px) and (max-width: 1679px) {#ut_sc_69f35ec42285c .ut-service-column.ut-service-column-horiz p { font-size:1.5em !important; }}@media (min-width: 768px) and (max-width: 1024px) {#ut_sc_69f35ec42285c .ut-service-column.ut-service-column-horiz p { font-size:1.5em !important; }}@media (max-width: 767px) {#ut_sc_69f35ec42285c .ut-service-column.ut-service-column-horiz p { font-size:1.5em !important; }}#ut_sc_69f35ec42285c .ut-service-column.ut-service-column-horiz h3 { font-weight:600; }#ut_sc_69f35ec42285c .ut-service-column.ut-service-column-horiz h3 { text-transform:uppercase; }#ut_sc_69f35ec42285c .ut-service-column p { margin-top: 10px; }#ut_sc_69f35ec42285c .ut-service-column a.ut-service-column-link { color: #313131; }#ut_sc_69f35ec42285c .ut-service-column a.ut-service-column-link:hover { color: rgba(49,49,49,0.5); }#ut_sc_69f35ec42285c .ut-service-column a.ut-service-column-link:active { color: rgba(49,49,49,0.5); }#ut_sc_69f35ec42285c .ut-service-column a.ut-service-column-link:focus { color: rgba(49,49,49,0.5); }#ut_sc_69f35ec42285c .ut-service-column a.ut-service-column-link i { color: #ffbf00; }#ut_sc_69f35ec42285c .ut-service-column a.ut-service-column-link i { font-size: 18px; }#ut_sc_69f35ec42285c .ut-service-column a.ut-service-column-link:hover i { color: #313131; }#ut_sc_69f35ec42285c .ut-service-column a.ut-service-column-link:active i { color: #313131; }#ut_sc_69f35ec42285c .ut-service-column a.ut-service-column-link:focus i { color: #313131; }#ut_sc_69f35ec42285c .ut-service-column a.ut-service-column-link { text-transform: uppercase; }#ut_sc_69f35ec42285c .ut-service-column a.ut-service-column-link { font-weight: 600; }#ut_sc_69f35ec42285c .ut-service-column a.ut-service-column-link { font-size: 16px; }#ut-svg-69f35ec42285d { display:none; }#ut-svg-69f35ec42285d.ut-svg-loaded { display:block; }#ut-svg-69f35ec42285d path { stroke:rgba(248, 167, 27, 1); }<\/style><div id=\"ut_sc_69f35ec42285c\" data-effect=\"fadeIn\" data-animateonce=\"yes\" data-delay=\"400\" class=\"ut-horizontal-style ut-horizontal-style-align-left  clearfix  ut-animate-element animated ut-no-animation-tablet ut-no-animation-mobile\" ><figure class=\"ut-service-icon ut-custom-icon  ut-service-icon-normal ut-service-icon-large\">\r\n        <img loading=\"lazy\" decoding=\"async\" src=\"data:image\/svg+xml;charset=utf-8,%3Csvg xmlns%3D&#039;http%3A%2F%2Fwww.w3.org%2F2000%2Fsvg&#039; viewBox%3D&#039;0 0 32 32&#039;%2F%3E\" data-src=\"https:\/\/aguasdelcolorado.com.ar\/2025\/wp-content\/uploads\/2025\/05\/ic-acueducto-th1.png\" width=\"32\" height=\"32\" alt=\"Acueductos Del Oeste\" class=\"ut-adaptive-image skip-lazy wp-post-image\">\r\n\r\n        <\/figure><div class=\"ut-service-column ut-service-column-horiz\"><h3 data-responsive-font=\"h3\" data-responsive-font-settings=\"{&quot;base-font-size&quot;:&quot;2&quot;,&quot;font-size-unit&quot;:&quot;em&quot;,&quot;font-size&quot;:{&quot;desktop_large&quot;:&quot;2&quot;,&quot;desktop_small&quot;:&quot;2&quot;,&quot;tablet&quot;:&quot;2&quot;,&quot;mobile&quot;:&quot;2&quot;},&quot;base-line-height&quot;:&quot;global&quot;,&quot;base-letter-spacing&quot;:&quot;global&quot;}\">Acueductos Del Oeste<\/h3><p class=\"element-with-custom-line-height\" data-responsive-font=\"p\" data-responsive-font-settings=\"{&quot;base-font-size&quot;:&quot;1.5&quot;,&quot;font-size-unit&quot;:&quot;em&quot;,&quot;font-size&quot;:{&quot;desktop_large&quot;:&quot;1.5&quot;,&quot;desktop_small&quot;:&quot;1.5&quot;,&quot;tablet&quot;:&quot;1.5&quot;,&quot;mobile&quot;:&quot;1.5&quot;},&quot;base-line-height&quot;:&quot;global&quot;,&quot;line-height&quot;:{&quot;desktop_large&quot;:&quot;28&quot;},&quot;base-letter-spacing&quot;:&quot;global&quot;}\">Con el compromiso del desarrollo productivo, ADC tiene a su cargo la operaci\u00f3n y mantenimiento de los acueductos del oeste pampeano.<\/p><a class=\"ut-service-column-link ut-service-column-link-icon-after ut-service-column-link-with-animation\" title=\"Leer M\u00e1s\" href=\"https:\/\/aguasdelcolorado.com.ar\/2025\/servicios\/acueductos-del-oeste\/\" target=\"_self\" >Leer M\u00e1s<i class=\"fa fa-arrow-circle-right\"><\/i><\/a><\/div><\/div><\/div>[\/vc_column][\/vc_row][vc_row][vc_column][vc_separator color=&#8221;custom&#8221; accent_color=&#8221;#dddddd&#8221;][\/vc_column][\/vc_row][vc_row equal_height=&#8221;yes&#8221; content_placement=&#8221;middle&#8221;][vc_column width=&#8221;1\/4&#8243; delay=&#8221;true&#8221; effect=&#8221;fadeIn&#8221; delay_timer=&#8221;400&#8243; offset=&#8221;vc_col-lg-3 vc_col-md-3 vc_col-sm-6 vc_col-xs-12&#8243;][ut_number_counter sep=&#8221;true&#8221; caption_text_transform=&#8221;uppercase&#8221; caption_font_weight=&#8221;600&#8243; caption_font_size=&#8221;16&#8243; caption_letter_spacing=&#8221;0.05&#8243; counter_font_source=&#8221;google&#8221; counter_google_fonts=&#8221;font_family:Poppins%3A100%2C100italic%2C200%2C200italic%2C300%2C300italic%2Cregular%2Citalic%2C500%2C500italic%2C600%2C600italic%2C700%2C700italic%2C800%2C800italic%2C900%2C900italic|font_style:600%20bold%20regular%3A600%3Anormal&#8221; counter_font_size=&#8221;40&#8243; counter_prefix_font_weight=&#8221;&#8221; counter_suffix_font_weight=&#8221;&#8221; to=&#8221;1785&#8243; counter_color=&#8221;#4296c7&#8243; desccolor=&#8221;#333333&#8243; prefix=&#8221;+&#8221;]Kil\u00f3metros de tuber\u00edas[\/ut_number_counter][\/vc_column][vc_column width=&#8221;1\/4&#8243; delay=&#8221;true&#8221; css=&#8221;.vc_custom_1569519988124{border-left-width: 1px !important;border-left-color: #dddddd !important;border-left-style: solid !important;}&#8221; effect=&#8221;fadeIn&#8221; delay_timer=&#8221;600&#8243; offset=&#8221;vc_col-lg-3 vc_col-md-3 vc_col-sm-6 vc_col-xs-12&#8243;][ut_number_counter sep=&#8221;true&#8221; caption_text_transform=&#8221;uppercase&#8221; caption_font_weight=&#8221;600&#8243; caption_font_size=&#8221;16&#8243; caption_letter_spacing=&#8221;0.05&#8243; counter_font_source=&#8221;google&#8221; counter_google_fonts=&#8221;font_family:Poppins%3A100%2C100italic%2C200%2C200italic%2C300%2C300italic%2Cregular%2Citalic%2C500%2C500italic%2C600%2C600italic%2C700%2C700italic%2C800%2C800italic%2C900%2C900italic|font_style:600%20bold%20regular%3A600%3Anormal&#8221; counter_font_size=&#8221;40&#8243; counter_prefix_font_weight=&#8221;&#8221; counter_suffix_font_weight=&#8221;&#8221; to=&#8221;1400000&#8243; counter_color=&#8221;#4296c7&#8243; desccolor=&#8221;#333333&#8243; prefix=&#8221;+&#8221;]Litros de agua por hora[\/ut_number_counter][\/vc_column][vc_column width=&#8221;1\/4&#8243; delay=&#8221;true&#8221; css=&#8221;.vc_custom_1569519996225{border-left-width: 1px !important;border-left-color: #dddddd !important;border-left-style: solid !important;}&#8221; effect=&#8221;fadeIn&#8221; delay_timer=&#8221;800&#8243; offset=&#8221;vc_col-lg-3 vc_col-md-3 vc_col-sm-6 vc_col-xs-12&#8243;][ut_number_counter sep=&#8221;true&#8221; caption_text_transform=&#8221;uppercase&#8221; caption_font_weight=&#8221;600&#8243; caption_font_size=&#8221;16&#8243; caption_letter_spacing=&#8221;0.05&#8243; counter_font_source=&#8221;google&#8221; counter_google_fonts=&#8221;font_family:Poppins%3A100%2C100italic%2C200%2C200italic%2C300%2C300italic%2Cregular%2Citalic%2C500%2C500italic%2C600%2C600italic%2C700%2C700italic%2C800%2C800italic%2C900%2C900italic|font_style:600%20bold%20regular%3A600%3Anormal&#8221; counter_font_size=&#8221;40&#8243; counter_prefix_font_weight=&#8221;&#8221; counter_suffix_font_weight=&#8221;&#8221; to=&#8221;6&#8243; counter_color=&#8221;#4296c7&#8243; desccolor=&#8221;#333333&#8243;]Acueductos[\/ut_number_counter][\/vc_column][vc_column width=&#8221;1\/4&#8243; delay=&#8221;true&#8221; css=&#8221;.vc_custom_1569520003740{border-left-width: 1px !important;border-left-color: #dddddd !important;border-left-style: solid !important;}&#8221; effect=&#8221;fadeIn&#8221; delay_timer=&#8221;1000&#8243; offset=&#8221;vc_col-lg-3 vc_col-md-3 vc_col-sm-6 vc_col-xs-12&#8243;][ut_number_counter sep=&#8221;true&#8221; caption_text_transform=&#8221;uppercase&#8221; caption_font_weight=&#8221;600&#8243; caption_font_size=&#8221;16&#8243; caption_letter_spacing=&#8221;0.05&#8243; counter_font_source=&#8221;google&#8221; counter_google_fonts=&#8221;font_family:Poppins%3A100%2C100italic%2C200%2C200italic%2C300%2C300italic%2Cregular%2Citalic%2C500%2C500italic%2C600%2C600italic%2C700%2C700italic%2C800%2C800italic%2C900%2C900italic|font_style:600%20bold%20regular%3A600%3Anormal&#8221; counter_font_size=&#8221;40&#8243; counter_prefix_font_weight=&#8221;&#8221; counter_suffix_font_weight=&#8221;&#8221; to=&#8221;27&#8243; counter_color=&#8221;#4296c7&#8243; desccolor=&#8221;#333333&#8243;]Localidades[\/ut_number_counter][\/vc_column][\/vc_row][vc_row][vc_column][vc_separator color=&#8221;custom&#8221; accent_color=&#8221;#dddddd&#8221;][\/vc_column][\/vc_row][\/vc_section][vc_section bklyn_section_anchor_id=&#8221;About&#8221; el_name=&#8221;Noticias&#8221; css=&#8221;.vc_custom_1679711257154{background-color: linear-gradient(to top, transparent 21%, #3a96c8 80%) !important;}&#8221; el_id=&#8221;noticias&#8221;][vc_row el_name=&#8221;Section Title&#8221;][vc_column]<div class=\"wpb_content_element \"><style type=\"text\/css\">#ut_header_69f35ec4316f8 h2.section-title, #ut_header_69f35ec4316f8 h2.section-title span { color:#ffffff; }#ut_header_69f35ec4316f8 h2.section-title{ font-family: \"Jost\";font-weight:500;font-style:normal; }#ut_header_69f35ec4316f8 h2.section-title { font-size:80px !important; }#ut_header_69f35ec4316f8 .lead { color:#ffffff; }#ut_header_69f35ec4316f8 .lead p { color:#ffffff; }#ut_header_69f35ec4316f8.pt-style-2 .page-title span:after, #ut_header_69f35ec4316f8.pt-style-2 .parallax-title span:after, #ut_header_69f35ec4316f8.pt-style-2 .section-title span:after { background-color:#ffffff !important;}<\/style><header id=\"ut_header_69f35ec4316f8\" class=\"section-header  ut-no-title-linebreak-mobile ut-no-lead-linebreak-mobile pt-style-2 header-center header-tablet-center header-mobile-center\"><h2 data-title=\"Obras, medio ambiente y m\u00e1s\" data-effect=\"fadeIn\" data-animateonce=\"yes\" data-delay=\"0\" data-responsive-font=\"section_title\" data-responsive-font-settings=\"{&quot;base-font-size&quot;:&quot;80&quot;,&quot;font-size-unit&quot;:&quot;px&quot;,&quot;font-size&quot;:{&quot;desktop_large&quot;:&quot;80&quot;},&quot;base-line-height&quot;:&quot;global&quot;,&quot;base-letter-spacing&quot;:&quot;global&quot;}\" class=\"section-title ut-animate-element animated ut-no-animation-tablet ut-no-animation-mobile \"><span>Obras, medio ambiente y m\u00e1s<\/span><\/h2><div data-effect=\"fadeIn\" data-animateonce=\"yes\" data-delay=\"200\" class=\"lead ut-animate-element animated ut-no-animation-tablet ut-no-animation-mobile\"><\/p>\n<p style=\"font-size: 1.1em;\">Novedades en mejoras de <b>infraestructura<\/b>, <b>ambientales<\/b> y <b>consumo responsable de agua<\/b>.<\/p>\n<p>\n<\/div><\/header><\/div>[\/vc_column][\/vc_row][vc_row][vc_column]<style type=\"text\/css\">#ut_blog_grid_69f35ec43217d .ut-blog-grid-article { margin-top: 10px; }<\/style><div id=\"ut_blog_grid_69f35ec43217d\" class=\"ut-blog-grid-module blog\"><div class=\"ut-blog-grid  clearfix ut-blog-grid-date-default\">\r\n<article id=\"post-2890\" class=\"grid-33 tablet-grid-50 mobile-grid-100 ut-blog-grid-article clearfix post-2890 post type-post status-publish format-standard has-post-thumbnail hentry category-noticias\">\r\n    \r\n    <div class=\"ut-blog-grid-article-inner\">\r\n    \t\r\n\t\t\t\t\r\n\t\t\t<div class=\"entry-meta entry-meta-top  clearfix\">\r\n\r\n\t\t\t\t\t\t\t\t<span class=\"ut-sticky\"><i class=\"fa fa-thumb-tack\"><\/i><\/span>\r\n\t\t\t\t<span class=\"cat-links\"><a href=\"https:\/\/aguasdelcolorado.com.ar\/2025\/category\/noticias\/\" data-rel=\"category tag\">NOTICIAS<\/a><\/span>\r\n\r\n\t\t\t\t\r\n\t\t\t<\/div>\r\n\t\t\t<!-- close entry-meta -->    \r\n\r\n\t\t\t\t\r\n                        \r\n\r\n        <!-- ut-post-thumbnail -->\r\n        <div class=\"ut-post-thumbnail\">     \r\n\r\n            <div class=\"entry-thumbnail\">\r\n\r\n                \r\n                <a title=\"Permanent Link to Certifican que el agua del acueducto del Colorado es apta para consumo humano\" href=\"https:\/\/aguasdelcolorado.com.ar\/2025\/certifican-que-el-agua-del-acueducto-del-colorado-es-apta-para-consumo-humano\/\">                \r\n                    \r\n                    <figure class=\"ut-post-thumbnail-caption-wrap\">\r\n\r\n                        \r\n        <img loading=\"lazy\" decoding=\"async\" data-adaptive-images=\"{&quot;300&quot;:&quot;&quot;,&quot;500&quot;:&quot;&quot;,&quot;750&quot;:&quot;&quot;,&quot;1000&quot;:&quot;&quot;,&quot;1500&quot;:&quot;&quot;,&quot;2500&quot;:&quot;&quot;}\" src=\"data:image\/svg+xml;charset=utf-8,%3Csvg xmlns%3D&#039;http%3A%2F%2Fwww.w3.org%2F2000%2Fsvg&#039; viewBox%3D&#039;0 0 720 600&#039;%2F%3E\" width=\"720\" height=\"600\" data-src=\"\" data-image-id=\"2891\" class=\"ut-adaptive-image wp-post-image skip-lazy \">\r\n\r\n        \r\n                        \r\n                    <\/figure>\r\n                    \r\n                <\/a>  \r\n                \r\n                <a href=\"https:\/\/aguasdelcolorado.com.ar\/2025\/2025\/03\/\">\r\n                \r\n                    <div class=\"date-format\">\r\n                        <span class=\"day\">12<\/span>\r\n                        <span class=\"month\">Mar 2025<\/span>\r\n                    <\/div>\r\n                \r\n                <\/a>\r\n\r\n            <\/div>                                                                                                                         \r\n\r\n        <\/div><!-- close ut-post-thumbnail -->\r\n\r\n                \r\n                \r\n        <a class=\"ut-blog-link\" title=\"Certifican que el agua del acueducto del Colorado es apta para consumo humano\" href=\"https:\/\/aguasdelcolorado.com.ar\/2025\/certifican-que-el-agua-del-acueducto-del-colorado-es-apta-para-consumo-humano\/\" rel=\"bookmark\">     \r\n              \r\n            <div class=\"ut-blog-grid-content-wrap\"> \r\n\r\n                \r\n                    <header class=\"entry-header\">\r\n\r\n                        <h2 data-responsive-font=\"grid_blog_title\" class=\"entry-title\">Certifican que el agua del acueducto del Colorado es apta para consumo humano<\/h2>\r\n\r\n                    <\/header>\r\n                    <!-- close entry-header -->\r\n\r\n                 \r\n\r\n                <!-- entry-content -->\r\n                <div class=\"entry-content clearfix\">\r\n\r\n                    <p>An\u00e1lisis solicitados por Aguas del Colorado y la Secretar\u00eda de Recursos H\u00eddricos certifican que el agua del acueducto, a pesar&hellip;<\/p>\n\r\n                <\/div>\r\n                <!-- entry-content -->\r\n\r\n            <\/div>\r\n        \r\n        <\/a>\r\n        \r\n\t\t                        \r\n    <\/div>\r\n    \r\n<\/article>\r\n<!-- #post-2890 -->\r\n\r\n<article id=\"post-2130\" class=\"grid-33 tablet-grid-50 mobile-grid-100 ut-blog-grid-article clearfix post-2130 post type-post status-publish format-standard has-post-thumbnail hentry category-noticias tag-medio-ambiente\">\r\n    \r\n    <div class=\"ut-blog-grid-article-inner\">\r\n    \t\r\n\t\t\t\t\r\n\t\t\t<div class=\"entry-meta entry-meta-top  clearfix\">\r\n\r\n\t\t\t\t\t\t\t\t<span class=\"ut-sticky\"><i class=\"fa fa-thumb-tack\"><\/i><\/span>\r\n\t\t\t\t<span class=\"cat-links\"><a href=\"https:\/\/aguasdelcolorado.com.ar\/2025\/category\/noticias\/\" data-rel=\"category tag\">NOTICIAS<\/a><\/span>\r\n\r\n\t\t\t\t\r\n\t\t\t<\/div>\r\n\t\t\t<!-- close entry-meta -->    \r\n\r\n\t\t\t\t\r\n                        \r\n\r\n        <!-- ut-post-thumbnail -->\r\n        <div class=\"ut-post-thumbnail\">     \r\n\r\n            <div class=\"entry-thumbnail\">\r\n\r\n                \r\n                <a title=\"Permanent Link to Uso Racional del Agua: Una Responsabilidad de Todos\" href=\"https:\/\/aguasdelcolorado.com.ar\/2025\/uso-racional-del-agua-una-responsabilidad-de-todos\/\">                \r\n                    \r\n                    <figure class=\"ut-post-thumbnail-caption-wrap\">\r\n\r\n                        <img class=\"ut-adaptive-image wp-post-image skip-lazy \" data-src=\"https:\/\/aguasdelcolorado.com.ar\/2025\/wp-content\/plugins\/ut-shortcodes\/\/img\/placeholder\/replace-normal.jpg\">\r\n                        \r\n                            <figcaption class=\"ut-post-thumbnail-caption\">Concientizar sobre el uso responsable del agua es esencial para preservar este valioso recurso. Descubre c\u00f3mo podemos evitar el desperdicio y tomar medidas concretas para un futuro sostenible.<\/figcaption>\r\n\r\n                        \r\n                    <\/figure>\r\n                    \r\n                <\/a>  \r\n                \r\n                <a href=\"https:\/\/aguasdelcolorado.com.ar\/2025\/2023\/05\/\">\r\n                \r\n                    <div class=\"date-format\">\r\n                        <span class=\"day\">28<\/span>\r\n                        <span class=\"month\">May 2023<\/span>\r\n                    <\/div>\r\n                \r\n                <\/a>\r\n\r\n            <\/div>                                                                                                                         \r\n\r\n        <\/div><!-- close ut-post-thumbnail -->\r\n\r\n                \r\n                \r\n        <a class=\"ut-blog-link\" title=\"Uso Racional del Agua: Una Responsabilidad de Todos\" href=\"https:\/\/aguasdelcolorado.com.ar\/2025\/uso-racional-del-agua-una-responsabilidad-de-todos\/\" rel=\"bookmark\">     \r\n              \r\n            <div class=\"ut-blog-grid-content-wrap\"> \r\n\r\n                \r\n                    <header class=\"entry-header\">\r\n\r\n                        <h2 data-responsive-font=\"grid_blog_title\" class=\"entry-title\">Uso Racional del Agua: Una Responsabilidad de Todos<\/h2>\r\n\r\n                    <\/header>\r\n                    <!-- close entry-header -->\r\n\r\n                 \r\n\r\n                <!-- entry-content -->\r\n                <div class=\"entry-content clearfix\">\r\n\r\n                    <p>Concientizar sobre el uso responsable del agua es esencial para preservar este valioso recurso. Descubre c\u00f3mo podemos evitar el desperdicio&hellip;<\/p>\n\r\n                <\/div>\r\n                <!-- entry-content -->\r\n\r\n            <\/div>\r\n        \r\n        <\/a>\r\n        \r\n\t\t                        \r\n    <\/div>\r\n    \r\n<\/article>\r\n<!-- #post-2130 -->\r\n\r\n<article id=\"post-2128\" class=\"grid-33 tablet-grid-50 mobile-grid-100 ut-blog-grid-article clearfix post-2128 post type-post status-publish format-standard has-post-thumbnail hentry category-noticias tag-infraestructura\">\r\n    \r\n    <div class=\"ut-blog-grid-article-inner\">\r\n    \t\r\n\t\t\t\t\r\n\t\t\t<div class=\"entry-meta entry-meta-top  clearfix\">\r\n\r\n\t\t\t\t\t\t\t\t<span class=\"ut-sticky\"><i class=\"fa fa-thumb-tack\"><\/i><\/span>\r\n\t\t\t\t<span class=\"cat-links\"><a href=\"https:\/\/aguasdelcolorado.com.ar\/2025\/category\/noticias\/\" data-rel=\"category tag\">NOTICIAS<\/a><\/span>\r\n\r\n\t\t\t\t\r\n\t\t\t<\/div>\r\n\t\t\t<!-- close entry-meta -->    \r\n\r\n\t\t\t\t\r\n                        \r\n\r\n        <!-- ut-post-thumbnail -->\r\n        <div class=\"ut-post-thumbnail\">     \r\n\r\n            <div class=\"entry-thumbnail\">\r\n\r\n                \r\n                <a title=\"Permanent Link to Nueva cisterna en Santa Rosa: Fortaleciendo el abastecimiento de agua potable\" href=\"https:\/\/aguasdelcolorado.com.ar\/2025\/nueva-cisterna-en-santa-rosa-fortaleciendo-el-abastecimiento-de-agua-potable\/\">                \r\n                    \r\n                    <figure class=\"ut-post-thumbnail-caption-wrap\">\r\n\r\n                        <img class=\"ut-adaptive-image wp-post-image skip-lazy \" data-src=\"https:\/\/aguasdelcolorado.com.ar\/2025\/wp-content\/plugins\/ut-shortcodes\/\/img\/placeholder\/replace-normal.jpg\">\r\n                        \r\n                            <figcaption class=\"ut-post-thumbnail-caption\">Ya se encuentra en funcionamiento la primera de las dos nuevas cisternas, ubicadas en el extremo sudeste del predio de la empresa en Santa Rosa.<\/figcaption>\r\n\r\n                        \r\n                    <\/figure>\r\n                    \r\n                <\/a>  \r\n                \r\n                <a href=\"https:\/\/aguasdelcolorado.com.ar\/2025\/2023\/04\/\">\r\n                \r\n                    <div class=\"date-format\">\r\n                        <span class=\"day\">23<\/span>\r\n                        <span class=\"month\">Abr 2023<\/span>\r\n                    <\/div>\r\n                \r\n                <\/a>\r\n\r\n            <\/div>                                                                                                                         \r\n\r\n        <\/div><!-- close ut-post-thumbnail -->\r\n\r\n                \r\n                \r\n        <a class=\"ut-blog-link\" title=\"Nueva cisterna en Santa Rosa: Fortaleciendo el abastecimiento de agua potable\" href=\"https:\/\/aguasdelcolorado.com.ar\/2025\/nueva-cisterna-en-santa-rosa-fortaleciendo-el-abastecimiento-de-agua-potable\/\" rel=\"bookmark\">     \r\n              \r\n            <div class=\"ut-blog-grid-content-wrap\"> \r\n\r\n                \r\n                    <header class=\"entry-header\">\r\n\r\n                        <h2 data-responsive-font=\"grid_blog_title\" class=\"entry-title\">Nueva cisterna en Santa Rosa: Fortaleciendo el abastecimiento de agua potable<\/h2>\r\n\r\n                    <\/header>\r\n                    <!-- close entry-header -->\r\n\r\n                 \r\n\r\n                <!-- entry-content -->\r\n                <div class=\"entry-content clearfix\">\r\n\r\n                    <p>Ya se encuentra en funcionamiento la primera de las dos nuevas cisternas, ubicadas en el extremo sudeste del predio de&hellip;<\/p>\n\r\n                <\/div>\r\n                <!-- entry-content -->\r\n\r\n            <\/div>\r\n        \r\n        <\/a>\r\n        \r\n\t\t                        \r\n    <\/div>\r\n    \r\n<\/article>\r\n<!-- #post-2128 -->\r\n<\/div><\/div>[vc_column_text]<\/p>\n<p style=\"text-align: center;\"><a href=\"https:\/\/aguasdelcolorado.com.ar\/category\/noticias\/\">Ver M\u00e1s Noticias<\/a><\/p>\n<p>[\/vc_column_text][\/vc_column][\/vc_row][vc_row][vc_column][vc_separator color=&#8221;custom&#8221; accent_color=&#8221;#dddddd&#8221;][\/vc_column][\/vc_row][\/vc_section][vc_section bklyn_section_anchor_id=&#8221;About&#8221; el_name=&#8221;Contacto&#8221; el_id=&#8221;contacto&#8221;][vc_row el_name=&#8221;Conecte con Nosotros&#8221;][vc_column]<div class=\"wpb_content_element \"><style type=\"text\/css\">#ut_header_69f35ec438057 h2.section-title{ font-family: \"Jost\";font-weight:500;font-style:normal; }#ut_header_69f35ec438057 h2.section-title { font-size:80px !important; }<\/style><header id=\"ut_header_69f35ec438057\" class=\"section-header  ut-no-title-linebreak-mobile ut-no-lead-linebreak-mobile pt-style-1 header-center header-tablet-center header-mobile-center\"><h2 data-title=\"Conecte con Nosotros\" data-effect=\"fadeIn\" data-animateonce=\"yes\" data-delay=\"0\" data-responsive-font=\"section_title\" data-responsive-font-settings=\"{&quot;base-font-size&quot;:&quot;80&quot;,&quot;font-size-unit&quot;:&quot;px&quot;,&quot;font-size&quot;:{&quot;desktop_large&quot;:&quot;80&quot;},&quot;base-line-height&quot;:&quot;global&quot;,&quot;base-letter-spacing&quot;:&quot;global&quot;}\" class=\"bklyn-divider-styles bklyn-divider-style-1 section-title ut-animate-element animated ut-no-animation-tablet ut-no-animation-mobile\"><span>Conecte con Nosotros<\/span><\/h2><div data-effect=\"fadeIn\" data-animateonce=\"yes\" data-delay=\"200\" class=\"lead ut-animate-element animated ut-no-animation-tablet ut-no-animation-mobile\"><p>Donde nos encuentra o escribanos y responderemos a la brevedad.<\/p>\n<\/div><\/header><\/div>[vc_gmaps link=&#8221;#E-8_JTNDaWZyYW1lJTIwc3JjJTNEJTIyaHR0cHMlM0ElMkYlMkZ3d3cuZ29vZ2xlLmNvbSUyRm1hcHMlMkZlbWJlZCUzRnBiJTNEJTIxMW0xOCUyMTFtMTIlMjExbTMlMjExZDMyMDIuMDIyNzkzNzcxMTc2JTIxMmQtNjQuMjcyOTA4Mjc0NzU0NSUyMTNkLTM2LjYyNTgzNzk2NzA4NDY0JTIxMm0zJTIxMWYwJTIxMmYwJTIxM2YwJTIxM20yJTIxMWkxMDI0JTIxMmk3NjglMjE0ZjEzLjElMjEzbTMlMjExbTIlMjExczB4OTVjMmNjNGE5YTAxYzFjMyUyNTNBMHg3NDdlZWFlNzdlZmFmMDA3JTIxMnNBZ3VhcyUyNTIwZGVsJTI1MjBDb2xvcmFkbyUyNTIwLSUyNTIwU2FwZW0lMjE1ZTAlMjEzbTIlMjExc2VzLTQxOSUyMTJzYXIlMjE0djE2Nzk0NTI3NTU1NDYlMjE1bTIlMjExc2VzLTQxOSUyMTJzYXIlMjIlMjB3aWR0aCUzRCUyMjYwMCUyMiUyMGhlaWdodCUzRCUyMjQ1MCUyMiUyMHN0eWxlJTNEJTIyYm9yZGVyJTNBMCUzQiUyMiUyMGFsbG93ZnVsbHNjcmVlbiUzRCUyMiUyMiUyMGxvYWRpbmclM0QlMjJsYXp5JTIyJTIwcmVmZXJyZXJwb2xpY3klM0QlMjJuby1yZWZlcnJlci13aGVuLWRvd25ncmFkZSUyMiUzRSUzQyUyRmlmcmFtZSUzRQ==&#8221;][\/vc_column][\/vc_row][vc_row][vc_column width=&#8221;1\/2&#8243;][vc_column_text]<\/p>\n<h2>Nuestros Tel\u00e9fonos y correos<\/h2>\n<hr \/>\n<p><strong>Administraci\u00f3n: (02954) 458803 o <a href=\"mailto:info@adc.net.ar\" target=\"_blank\" rel=\"noopener\">info@adc.net.ar<\/a><br \/>\nOficina T\u00e9cnica: <a href=\"mailto:oficinatecnica@adc.net.ar\" target=\"_blank\" rel=\"noopener\">oficinatecnica@adc.net.ar<\/a><\/strong><br \/>\n<strong>Recursos Humanos:\u00a0<a href=\"mailto:rrhh@adc.net.ar\" target=\"_blank\" rel=\"noopener\">rrhh@adc.net.ar<\/a><br \/>\nTel\u00e9fono:<\/strong> (02954) 458803\/4<br \/>\n<strong>Fax:<\/strong> (02954) 459410<\/p>\n<hr \/>\n<p><strong>Direcci\u00f3n: <\/strong>Av. Alfredo Palacios 890, Santa Rosa, La Pampa, Argentina.<\/p>\n<hr \/>\n<p>[\/vc_column_text][\/vc_column][vc_column width=&#8221;1\/2&#8243;][vc_column_text]<\/p>\n<h2>Clientes y Proveedores<\/h2>\n<hr \/>\n<p><strong>Clientes:<\/strong> (02954) 458803\/x o <a href=\"mailto:clientes@adc.net.ar\" target=\"_blank\" rel=\"noopener\">clientes@adc.net.ar<\/a> &#8211; <strong><a href=\"https:\/\/aguasdelcolorado.com.ar\/clientes\/\">Formulario Clientes<\/a><\/strong><br \/>\n<strong>Proveedores:<\/strong> (02954) 458803\/4 o <a href=\"mailto:proveedores@adc.net.ar\" target=\"_blank\" rel=\"noopener\">proveedores@adc.net.ar<\/a> &#8211; <a href=\"https:\/\/aguasdelcolorado.com.ar\/proveedores\/\"><strong>Formulario Proveedores<\/strong><\/a>[\/vc_column_text][\/vc_column][\/vc_row][vc_row el_id=&#8221;sitios&#8221;][vc_column][vc_separator color=&#8221;custom&#8221; accent_color=&#8221;#dddddd&#8221;][vc_empty_space height=&#8221;100px&#8221; tablet_height=&#8221;40&#8243; mobile_height=&#8221;40&#8243;][\/vc_column][\/vc_row][\/vc_section]<\/p>\n<\/div>","protected":false},"excerpt":{"rendered":"<p>[vc_section bklyn_section_anchor_id=&#8221;About&#8221; el_name=&#8221;Servicios&#8221; el_id=&#8221;servicios&#8221;][vc_row el_name=&#8221;Acueductos Pampeanos&#8221;][vc_column][\/vc_column][\/vc_row][vc_row][vc_column width=&#8221;1\/2&#8243;][\/vc_column][vc_column width=&#8221;1\/2&#8243;][\/vc_column][\/vc_row][vc_row][vc_column][vc_separator color=&#8221;custom&#8221; accent_color=&#8221;#dddddd&#8221;][\/vc_column][\/vc_row][vc_row equal_height=&#8221;yes&#8221; content_placement=&#8221;middle&#8221;][vc_column width=&#8221;1\/4&#8243; delay=&#8221;true&#8221; effect=&#8221;fadeIn&#8221; delay_timer=&#8221;400&#8243; offset=&#8221;vc_col-lg-3 vc_col-md-3 vc_col-sm-6 vc_col-xs-12&#8243;][ut_number_counter sep=&#8221;true&#8221; caption_text_transform=&#8221;uppercase&#8221; caption_font_weight=&#8221;600&#8243; caption_font_size=&#8221;16&#8243; caption_letter_spacing=&#8221;0.05&#8243; counter_font_source=&#8221;google&#8221; counter_google_fonts=&#8221;font_family:Poppins%3A100%2C100italic%2C200%2C200italic%2C300%2C300italic%2Cregular%2Citalic%2C500%2C500italic%2C600%2C600italic%2C700%2C700italic%2C800%2C800italic%2C900%2C900italic|font_style:600%20bold%20regular%3A600%3Anormal&#8221; counter_font_size=&#8221;40&#8243; counter_prefix_font_weight=&#8221;&#8221; counter_suffix_font_weight=&#8221;&#8221; to=&#8221;1785&#8243; counter_color=&#8221;#4296c7&#8243; desccolor=&#8221;#333333&#8243; prefix=&#8221;+&#8221;]Kil\u00f3metros de tuber\u00edas[\/ut_number_counter][\/vc_column][vc_column width=&#8221;1\/4&#8243; delay=&#8221;true&#8221; css=&#8221;.vc_custom_1569519988124{border-left-width: 1px !important;border-left-color: #dddddd !important;border-left-style: solid !important;}&#8221; effect=&#8221;fadeIn&#8221; delay_timer=&#8221;600&#8243; offset=&#8221;vc_col-lg-3 vc_col-md-3 vc_col-sm-6 vc_col-xs-12&#8243;][ut_number_counter sep=&#8221;true&#8221; caption_text_transform=&#8221;uppercase&#8221; caption_font_weight=&#8221;600&#8243; caption_font_size=&#8221;16&#8243; [&hellip;]<\/p>\n","protected":false},"author":1,"featured_media":2898,"parent":0,"menu_order":0,"comment_status":"closed","ping_status":"closed","template":"","meta":{"footnotes":""},"class_list":["post-2035","page","type-page","status-publish","has-post-thumbnail","hentry"],"_links":{"self":[{"href":"https:\/\/aguasdelcolorado.com.ar\/2025\/wp-json\/wp\/v2\/pages\/2035","targetHints":{"allow":["GET"]}}],"collection":[{"href":"https:\/\/aguasdelcolorado.com.ar\/2025\/wp-json\/wp\/v2\/pages"}],"about":[{"href":"https:\/\/aguasdelcolorado.com.ar\/2025\/wp-json\/wp\/v2\/types\/page"}],"author":[{"embeddable":true,"href":"https:\/\/aguasdelcolorado.com.ar\/2025\/wp-json\/wp\/v2\/users\/1"}],"replies":[{"embeddable":true,"href":"https:\/\/aguasdelcolorado.com.ar\/2025\/wp-json\/wp\/v2\/comments?post=2035"}],"version-history":[{"count":6,"href":"https:\/\/aguasdelcolorado.com.ar\/2025\/wp-json\/wp\/v2\/pages\/2035\/revisions"}],"predecessor-version":[{"id":2897,"href":"https:\/\/aguasdelcolorado.com.ar\/2025\/wp-json\/wp\/v2\/pages\/2035\/revisions\/2897"}],"wp:featuredmedia":[{"embeddable":true,"href":"https:\/\/aguasdelcolorado.com.ar\/2025\/wp-json\/wp\/v2\/media\/2898"}],"wp:attachment":[{"href":"https:\/\/aguasdelcolorado.com.ar\/2025\/wp-json\/wp\/v2\/media?parent=2035"}],"curies":[{"name":"wp","href":"https:\/\/api.w.org\/{rel}","templated":true}]}}